{"id":875,"date":"2015-02-05T09:34:53","date_gmt":"2015-02-05T09:34:53","guid":{"rendered":"http:\/\/bsvdeilinghofen.de\/wpde\/?page_id=875"},"modified":"2016-07-17T17:13:00","modified_gmt":"2016-07-17T15:13:00","slug":"geschichte-1982-1992","status":"publish","type":"page","link":"https:\/\/bsvdeilinghofen.de\/Neuigkeiten\/formationen\/1-kompanie\/geschichte-der-1-kompanie\/geschichte-1982-1992\/","title":{"rendered":"Geschichte 1982 &#8211; 1992"},"content":{"rendered":"<div class=\"menu-1-kompanie-container\"><ul id=\"menu-1-kompanie\" class=\"menu\"><li id=\"menu-item-2073\" class=\"menu-item menu-item-type-post_type menu-item-object-page menu-item-2073\"><a href=\"https:\/\/bsvdeilinghofen.de\/Neuigkeiten\/formationen\/1-kompanie\/termine-1kompanie\/\">Termine<\/a><\/li>\n<li id=\"menu-item-2064\" class=\"menu-item menu-item-type-post_type menu-item-object-page menu-item-has-children menu-item-2064\"><a href=\"https:\/\/bsvdeilinghofen.de\/Neuigkeiten\/formationen\/1-kompanie\/geschichte-der-1-kompanie\/\">Geschichte<\/a>\n<ul class=\"sub-menu\">\n\t<li id=\"menu-item-2065\" class=\"menu-item menu-item-type-post_type menu-item-object-page menu-item-2065\"><a href=\"https:\/\/bsvdeilinghofen.de\/Neuigkeiten\/formationen\/1-kompanie\/geschichte-der-1-kompanie\/geschichte-der-1-kompanie\/\">Geschichte 1972 \u2013 1982<\/a><\/li>\n\t<li id=\"menu-item-2066\" class=\"menu-item menu-item-type-post_type menu-item-object-page menu-item-2066\"><a href=\"https:\/\/bsvdeilinghofen.de\/Neuigkeiten\/formationen\/1-kompanie\/geschichte-der-1-kompanie\/geschichte-1982-1992\/\">Geschichte 1982 \u2013 1992<\/a><\/li>\n\t<li id=\"menu-item-2067\" class=\"menu-item menu-item-type-post_type menu-item-object-page menu-item-2067\"><a href=\"https:\/\/bsvdeilinghofen.de\/Neuigkeiten\/formationen\/1-kompanie\/geschichte-der-1-kompanie\/geschichte-1992-2002\/\">Geschichte 1992 \u2013 2002<\/a><\/li>\n\t<li id=\"menu-item-2068\" class=\"menu-item menu-item-type-post_type menu-item-object-page menu-item-2068\"><a href=\"https:\/\/bsvdeilinghofen.de\/Neuigkeiten\/formationen\/1-kompanie\/geschichte-der-1-kompanie\/geschichte-2002-2012\/\">Geschichte 2002 \u2013 2012<\/a><\/li>\n\t<li id=\"menu-item-2069\" class=\"menu-item menu-item-type-post_type menu-item-object-page menu-item-2069\"><a href=\"https:\/\/bsvdeilinghofen.de\/Neuigkeiten\/formationen\/1-kompanie\/geschichte-der-1-kompanie\/geschichte-2012-heute\/\">Geschichte 2012 \u2013 2022<\/a><\/li>\n<\/ul>\n<\/li>\n<li id=\"menu-item-2063\" class=\"menu-item menu-item-type-post_type menu-item-object-page menu-item-2063\"><a href=\"https:\/\/bsvdeilinghofen.de\/Neuigkeiten\/formationen\/1-kompanie\/gaensekoenige\/\">G\u00e4nsek\u00f6nige<\/a><\/li>\n<li id=\"menu-item-2071\" class=\"menu-item menu-item-type-post_type menu-item-object-page menu-item-2071\"><a href=\"https:\/\/bsvdeilinghofen.de\/Neuigkeiten\/formationen\/1-kompanie\/koenigshaeuser-1-kompanie\/\">K\u00f6nigsh\u00e4user<\/a><\/li>\n<li id=\"menu-item-2072\" class=\"menu-item menu-item-type-post_type menu-item-object-page menu-item-2072\"><a href=\"https:\/\/bsvdeilinghofen.de\/Neuigkeiten\/formationen\/1-kompanie\/vorstand\/\">Vorstand<\/a><\/li>\n<li id=\"menu-item-2074\" class=\"menu-item menu-item-type-post_type menu-item-object-page menu-item-2074\"><a href=\"https:\/\/bsvdeilinghofen.de\/Neuigkeiten\/formationen\/1-kompanie\/termine\/\">Vorstand Historie<\/a><\/li>\n<\/ul><\/div>\n<hr \/>\n<h4 style=\"text-align: justify;\"><span style=\"font-size: 24pt;\">1982 &#8211; 1992<\/span><\/h4>\n<p style=\"text-align: justify;\"><span style=\"font-size: 14pt;\">Das zweite Jahrzehnt begann verhei\u00dfungsvoll, denn\u00a0im M\u00e4rz 1983 wurde der Anbau des Sch\u00fctzenheims\u00a0eingeweiht. Nunmehr war es auf Grund der R\u00e4umIichkeiten m\u00f6glich, das Sch\u00fctzenleben insgesamt zu\u00a0intensivieren durch Vereinsabende und Veranstaltungen.<\/span><br \/>\n<span style=\"font-size: 14pt;\">lnsbesondere f\u00fcr den Schie\u00dfsport bestanden nun\u00a0mehr M\u00f6glichkeiten.\u00a0In diesem Zusammenhang muss man dem Bauleiter\u00a0Heiner Jacobs ein Riesenlob und Dank aussprechen,\u00a0denn ohne seinen Einsatz mit seinem kleinen Team\u00a0w\u00e4re das Sch\u00fctzenheim nicht das, was es heute darstellt.\u00a0Dass der Kompanief\u00fchrer danach zw\u00f6lf Jahre\u00a0das Heim verwaltete muss man u.a. als au\u00dferordentliche\u00a0Leistung f\u00fcr den Verein darstellen.<\/span><br \/>\n<span style=\"font-size: 14pt;\">Zum75i\u00e4hrigen Bestehen des SV Deilinghofen 08\u00a0wurde 1983 ein Dorfpokal ausgespielt, an dem die\u00a0Kompanie teilnahm und im Endspiel mit 4:0 Toren\u00a0gegen den Kaninchen- und Taubenverein gewann.\u00a0Es war eine Fu\u00dfballfestwoche, an der sich die ganze\u00a0Kompanie beteiligte in einer Art und Weise, die man\u00a0als triumphal bezeichnen muss. Fr\u00f6hlichkeit.<\/span><br \/>\n<span style=\"font-size: 14pt;\">Mit Musik und reichlich Anhang marschierten unsere\u00a0Leute durch&#8217;s Dorf und hielten vor hunderten von\u00a0Zuschauern Einzug wie Gladiatoren auf dem Ernst-Loewen-Sportplatz, um unter Iauten Anfeuerungsrufen\u00a0von M\u00e4nnlein und Weiblein den Sieg im Endspiel\u00a0und den Pokal zu holen.<\/span><br \/>\n<span style=\"font-size: 14pt;\">August 1984 war K\u00fchbach unter der Organisation\u00a0von Herbert Renfordt des Ziel in Bayern.\u00a0Die drei Tage wurden f\u00fcr alle Mitreisenden zu einem\u00a0gro\u00dfen Erlebnis.<\/span><br \/>\n<span style=\"font-size: 14pt;\">lm Sch\u00fctzenumzug 1985 wurde ein Protestwagen\u00a0gegen die in der Stra\u00dfe &#8222;lm Turm&#8220; ans\u00e4ssigen Bewohner\u00a0gestartet.\u00a0,,Kein Ausschank an Festplatzgegner&#8220;\u00a0oder ,,Der f\u00fcnfte Platz in 3o Jahren &#8211;\u00a0jetzt nur noch lntrigen und Verfahren&#8220;\u00a0waren u.a. die Spr\u00fcche, die den vielen Zuschauern\u00a0am Stra\u00dfenrand pr\u00e4sentiert wurden.\u00a0Allgemein gro\u00dfe Zustimmung.<\/span><br \/>\n<span style=\"font-size: 14pt;\">Ende 1985 gab es Sorgenfalten in der Novemberversammlung,\u00a0denn der Kassenbericht wies ein Defizit\u00a0aus, das durch die Zeltkasse ausgeglichen wurde.\u00a0Also keine Panik.<\/span><br \/>\n<span style=\"font-size: 14pt;\">lm Januar 1986 wurde wieder einmal \u00fcber den allgemeinen\u00a0,,Arbeitsdienst&#8220; und \u00fcber die Beteiligung am\u00a0Zeltauf- und Abbau diskutiert, ohne zu einem\u00a0Ergebnis zu kommen.\u00a0Kein neues Thema, dass auch in den folgenden Jahren\u00a0immer wieder aufbrannte.\u00a0Das Jahr 1986 endete mit einer gemeinsamen Sylvesterfeier\u00a0im Sch\u00fctzenheim.<\/span><br \/>\n<span style=\"font-size: 14pt;\">Rechtzeitig vor dem Sch\u00fctzenfest stellt Artur Ziegenhirt\u00a0am 17.07.87 den Antrag, bei gro\u00dfer Hitze auf das\u00a0Tragen der Uniform w\u00e4hrend des Festzuges zu\u00a0verzichten. Ablehnung!<\/span><br \/>\n<span style=\"font-size: 14pt;\">Vereinskassierer Theo Menge heizte das K\u00f6nigsschie\u00dfen\u00a0an mit der Meldung, dass der Verein den K\u00f6nigszuschuss\u00a0von 2oo auf 8oo DM erh\u00f6ht. Ein Raunen\u00a0geht durch den Saal.<\/span><br \/>\n<span style=\"font-size: 14pt;\">ln der Novembersitzung 1987 wurde\u00a0Heiner Jacobs f\u00fcr\u00a0weitere f\u00fcnf Jahre\u00a0gew\u00e4hlt. Er nahm die Wahl an und\u00a0verwies auf Unstimmigkeiten\u00a0mit\u00a0dem Hauptverein,\u00a0die ihn sehr wahrscheinlich\u00a0zwingen\u00a0w\u00fcrden, nicht die\u00a0gesamten f\u00fcnf Jahre zur Verf\u00fcgung zu stehen.<\/span><br \/>\n<span style=\"font-size: 14pt;\">Heiner Jacobs meinte es ernst, denn es ist nicht das\u00a0erste Mal, dass es Probleme mit dem Vorstand des\u00a0Hauptvereins gab. War diese Ank\u00fcndigung der Anfang\u00a0vom R\u00fccktritt?<\/span><br \/>\n<span style=\"font-size: 14pt;\">An diesem Versammlungsabend wurde die Castst\u00e4tte\u00a0Stindt f\u00fcr weitere f\u00fcnf Jahre zum Vereinslokal wiedergew\u00e4hlt.\u00a0Die Gesch\u00e4ftsf\u00fchrung nahm die Wahl an.<\/span><br \/>\n<span style=\"font-size: 14pt;\">Der Jahresr\u00fcckblick des Schriftf\u00fchrers beinhaltete\u00a0u.a. den Ausfall der Karnevalsfeier t987 und die\u00a0Anmerkung, dass es sich um eine einmalige Entscheidung\u00a0handelt. Aber der Hinweis, dass der Trend der\u00a0Zeit auch vor der t. Kompanie nicht halt macht, gibt\u00a0zu denken.<\/span><br \/>\n<span style=\"font-size: 14pt;\">Von \u00dcbers\u00e4ttigung auf Crund der Vielzahl der Feiern\u00a0und von Lustlosigkeit ist die Rede.\u00a0Ein schlechtes Omen vom Protokollf\u00fchrer?\u00a0Das wurde allerdings am 06.02.88 widerlegt. Die Karnevalsfeier war ein voller Erfolg mit gro\u00dfer\u00a0Beteiligung und tollen Beitr\u00e4gen.<\/span><br \/>\n<span style=\"font-size: 14pt;\">Dass am 19.11.88 Heiner Jacobs 39 M\u00e4nner und 25\u00a0Frauen begr\u00fc\u00dfen kann, veranlasst lhn zu der Feststellung,\u00a0dass man sich um die Zukunft keine Sorgen\u00a0machen muss.<\/span><br \/>\n<span style=\"font-size: 14pt;\">Traurig zum Jahresende 1988 die Gedenkminute an\u00a0gleich drei verstorbene Kompaniemitglieder:\u00a0Reinhold Bittokleit, Alfred Edelhoff und WilliT\u00fcmena\u00a0haben uns verlassen.<\/span><br \/>\n<span style=\"font-size: 14pt;\">Auch im Sch\u00fctzenwesen liegen Freude und Trauer\u00a0nah beieinander. Eine Lebensweisheit.\u00a0Cewitterwolken am Kompaniehimmel sind im Sommer 1987 vernehmbar. Zum ersten Mal muss der\u00a0Spie\u00df die Versammlung er\u00f6ffnen, da der Kompanief\u00fchrer\u00a0eine Veranstaltung im Sch\u00fctzenheim f\u00fcr wichtiger\u00a0h\u00e4lt und f\u00fcnf Minuten vor Versammlungsbeginn\u00a0die Absage erteilte. Von\u00a0Abstimmungs- und Harmonieproblemen zwischen\u00a0Kompanief\u00fchrer und Vorstand ist die Rede im Protokoll\u00a0vom 21.07.1989. Der Anfang vom Ende des Heiner\u00a0Jacobs als Kompanief\u00fchrer?<\/span><br \/>\n<span style=\"font-size: 14pt;\">Ein enger Wegbegleiter vom Chef, Werner Sa\u00df, legt\u00a0am 21.11.1989 sein Amt nieder.\u00a0Erw\u00e4hnenswert zum Abschluss des Jahres 1989 der\u00a0Festwagen der 1. Kompanie unter dem Motto:\u00a0,&#8220;Es brennt, es brennt, der Hofstaat rennt&#8220;. Er war\u00a0mit viel Liebe erstellt worden.<\/span><br \/>\n<span style=\"font-size: 14pt;\">ln der Versammlung am 18.05.1990 gibt Heiner Jacobs\u00a0offiziell bekannt, dass er im Laufe des Jahres nach 18\u00a0Jahren zur\u00fccktritt.\u00a0Man soll sich Gedanken machen.\u00a0Das veranlasst Manfred Karl zu der Aussage, dass ein\u00a0Cenerationswechsel \u00fcberall stattfindet.<\/span><br \/>\n<span style=\"font-size: 14pt;\">Am 20.11.1990 ist es dann soweit:\u00a0Heiner Jacobs tritt zur\u00fcck und bedankt sich bei seiner\u00a0Kompaniefamilie f\u00fcr die langj\u00e4hrige Zusammenarbeit.\u00a0Verbitterung? Aber endlich KIarheit.<\/span><br \/>\n<span style=\"font-size: 14pt;\">Hans-Peter Kasparek wurde kommissarisch f\u00fcr zwei\u00a0Jahre gew\u00e4hlt und bedankt sich bei Heiner Jacobs f\u00fcr\u00a0achtzehnj\u00e4hrige vorbildliche T\u00e4tigkeit als Kompanief\u00fchrer.<\/span><br \/>\n<span style=\"font-size: 14pt;\">Wie so oft, bem\u00e4ngelt Hubert Marklowsky in der\u00a0Maisitzung 1991 die m\u00e4\u00dfige Beteiligung der Kompaniemitglieder\u00a0am Zeltaufbau. Keine Resonanz. Es\u00a0bleibt so wie es ist und war.<\/span><br \/>\n<span style=\"font-size: 14pt;\">Nach I\u00e4ngerer Pause wurde am 12.10.1991 wieder ein\u00a0Herbstfest im Sch\u00fctzenheim gefeiert.\u00a0<\/span><br \/>\n<span style=\"font-size: 14pt;\">Trauer in der Kompanie: Am 18.11.1991 stirbt Cr\u00fcndungsmitglied\u00a0Manfred Teves.<\/span><br \/>\n<span style=\"font-size: 14pt;\">Erster H\u00f6hepunkt im 20. Jahr des Bestehens war das\u00a0Fr\u00fchlingsfest im Mai 1992.\u00a0Am 31. Oktober 1992 wurde der 20. Geburtstag mit\u00a0fast allen Formationen des Vereins mit \u00fcber\u00a0einhundert Personen im Sch\u00fctzenheim gefeiert.\u00a0Ein gelungenes Fest.<\/span><br \/>\n<span style=\"font-size: 14pt;\">Res\u00fcmiert man das zweite Jahrzehnt, so kommt man\u00a0zu der Feststellung, dass es in dieser Kompanie keine\u00a0Langeweile gibt und man getrost in die dritte &#8222;Runde&#8220; planen kann.<\/span><\/p>\n<p style=\"text-align: justify;\">(Quelle : Festschrift : 40 Jahre Erste Kompanie Deilinghofen)<\/p>\n","protected":false},"excerpt":{"rendered":"<p>1982 &#8211; 1992 Das zweite Jahrzehnt begann verhei\u00dfungsvoll, denn\u00a0im M\u00e4rz 1983 wurde der Anbau des Sch\u00fctzenheims\u00a0eingeweiht. Nunmehr war es auf Grund der R\u00e4umIichkeiten m\u00f6glich, das Sch\u00fctzenleben insgesamt zu\u00a0intensivieren durch Vereinsabende und Veranstaltungen. lnsbesondere f\u00fcr den Schie\u00dfsport bestanden nun\u00a0mehr M\u00f6glichkeiten.\u00a0In diesem Zusammenhang muss man dem Bauleiter\u00a0Heiner Jacobs ein Riesenlob und Dank aussprechen,\u00a0denn ohne seinen Einsatz mit [&hellip;]<\/p>\n","protected":false},"author":1,"featured_media":0,"parent":877,"menu_order":0,"comment_status":"closed","ping_status":"closed","template":"page-full-width.php","meta":{"footnotes":""},"class_list":["post-875","page","type-page","status-publish","hentry"],"_links":{"self":[{"href":"https:\/\/bsvdeilinghofen.de\/Neuigkeiten\/wp-json\/wp\/v2\/pages\/875","targetHints":{"allow":["GET"]}}],"collection":[{"href":"https:\/\/bsvdeilinghofen.de\/Neuigkeiten\/wp-json\/wp\/v2\/pages"}],"about":[{"href":"https:\/\/bsvdeilinghofen.de\/Neuigkeiten\/wp-json\/wp\/v2\/types\/page"}],"author":[{"embeddable":true,"href":"https:\/\/bsvdeilinghofen.de\/Neuigkeiten\/wp-json\/wp\/v2\/users\/1"}],"replies":[{"embeddable":true,"href":"https:\/\/bsvdeilinghofen.de\/Neuigkeiten\/wp-json\/wp\/v2\/comments?post=875"}],"version-history":[{"count":1,"href":"https:\/\/bsvdeilinghofen.de\/Neuigkeiten\/wp-json\/wp\/v2\/pages\/875\/revisions"}],"predecessor-version":[{"id":2104,"href":"https:\/\/bsvdeilinghofen.de\/Neuigkeiten\/wp-json\/wp\/v2\/pages\/875\/revisions\/2104"}],"up":[{"embeddable":true,"href":"https:\/\/bsvdeilinghofen.de\/Neuigkeiten\/wp-json\/wp\/v2\/pages\/877"}],"wp:attachment":[{"href":"https:\/\/bsvdeilinghofen.de\/Neuigkeiten\/wp-json\/wp\/v2\/media?parent=875"}],"curies":[{"name":"wp","href":"https:\/\/api.w.org\/{rel}","templated":true}]}}