{"id":394,"date":"2015-01-05T17:24:15","date_gmt":"2015-01-05T17:24:15","guid":{"rendered":"http:\/\/bsvdeilinghofen.de\/wpde\/?page_id=394"},"modified":"2025-05-25T13:34:54","modified_gmt":"2025-05-25T11:34:54","slug":"gaensekoenige","status":"publish","type":"page","link":"https:\/\/bsvdeilinghofen.de\/Neuigkeiten\/formationen\/1-kompanie\/gaensekoenige\/","title":{"rendered":"G\u00e4nsek\u00f6nige"},"content":{"rendered":"<p style=\"text-align: left;\"><strong><span style=\"font-size: 24pt;\">\u00a0\u00a0\u00a0\u00a0\u00a0\u00a0 Die G\u00e4nsek\u00f6nige der 1. Kompanie<\/span><\/strong><\/p>\n<table style=\"height: 1112px; border-color: #ffffff;\" width=\"648\">\n<tbody>\n<tr style=\"border-color: #ffffff;\">\n<td><span style=\"font-size: 14pt;\"><span style=\"color: #999999; font-size: 14pt;\">Jahr<\/span><\/span><\/td>\n<td><span style=\"color: #999999; font-size: 14pt;\">G\u00e4nsek\u00f6nig<\/span><\/td>\n<td><span style=\"color: #999999; font-size: 14pt;\">G\u00e4nsek\u00f6nigin<\/span><\/td>\n<\/tr>\n<tr>\n<td><span style=\"color: #999999; font-size: 14pt;\">2025<\/span><\/td>\n<td><span style=\"color: #999999; font-size: 14pt;\">Andreas &#8222;Jone&#8220; Jonescheit<\/span><\/td>\n<td><span style=\"color: #999999; font-size: 14pt;\">Jenny Bianga<\/span><\/td>\n<\/tr>\n<tr>\n<td><span style=\"color: #999999; font-size: 14pt;\">2024<\/span><\/td>\n<td><span style=\"color: #999999; font-size: 14pt;\">Marco Tepe<\/span><\/td>\n<td><span style=\"color: #999999; font-size: 14pt;\">Michelle Wegmann<\/span><\/td>\n<\/tr>\n<tr>\n<td><span style=\"color: #999999; font-size: 14pt;\">2023<\/span><\/td>\n<td><span style=\"color: #999999; font-size: 14pt;\">Max Ullrich<\/span><\/td>\n<td><span style=\"color: #999999; font-size: 14pt;\">Elisa Gutzeit (aus Halingen)<\/span><\/td>\n<\/tr>\n<tr>\n<td><span style=\"color: #ffff00; font-size: 14pt;\">2022<\/span><\/td>\n<td><span style=\"color: #999999; font-size: 14pt;\"><span style=\"color: #ffff00;\">\u00a0G\u00e4nsekaiser (50 Jahre 1. Kp.)<\/span><br \/>\n<span style=\"color: #ffff00;\">\u00a0Andreas K\u00f6lling<\/span><br \/>\n<\/span><\/td>\n<td><span style=\"color: #999999; font-size: 14pt;\">\u00a0<span style=\"color: #ffff00;\">G\u00e4nsekaiserin\u00a0<\/span><br \/>\n<span style=\"color: #ffff00;\">\u00a0Karina Wegmann<\/span><\/span><\/td>\n<\/tr>\n<tr>\n<td><span style=\"color: #999999; font-size: 14pt;\">2019<\/span><\/td>\n<td><span style=\"color: #999999; font-size: 14pt;\">Kevin Trompetter<br \/>\n<\/span><\/td>\n<td><span style=\"color: #999999; font-size: 14pt;\">Lara Trompetter-Rose<br \/>\n<\/span><\/td>\n<\/tr>\n<tr>\n<td><span style=\"color: #999999; font-size: 14pt;\">2018<\/span><span style=\"color: #999999; font-size: 14pt;\"><br \/>\n<\/span><\/td>\n<td><span style=\"color: #999999; font-size: 14pt;\">&#8222;Jupp&#8220; Philipp Borchmann<\/span><\/td>\n<td><span style=\"color: #999999; font-size: 14pt;\">Susanne Bu\u00dfmann<\/span><\/td>\n<\/tr>\n<tr style=\"border-color: #ffffff;\">\n<td><span style=\"color: #999999; font-size: 14pt;\">2017<\/span><\/td>\n<td><span style=\"color: #999999; font-size: 14pt;\">Alfons Buchgeister<\/span><\/td>\n<td><span style=\"color: #999999; font-size: 14pt;\">Sabine Buhlh\u00f6fer<\/span><\/td>\n<\/tr>\n<tr style=\"border-color: #ffffff;\">\n<td><span style=\"color: #999999; font-size: 14pt;\">2016<\/span><\/td>\n<td><span style=\"color: #999999; font-size: 14pt;\">Rainer Woiczik<\/span><\/td>\n<td><span style=\"color: #999999; font-size: 14pt;\">Brigitte M\u00fcller<\/span><\/td>\n<\/tr>\n<tr style=\"border-color: #ffffff;\">\n<td><span style=\"color: #999999; font-size: 14pt;\">2015<\/span><\/td>\n<td><span style=\"color: #999999; font-size: 14pt;\">Dirk Siebel<\/span><\/td>\n<td><span style=\"color: #999999; font-size: 14pt;\">Petra Isenberg<\/span><\/td>\n<\/tr>\n<tr style=\"border-color: #ffffff;\">\n<td><span style=\"color: #999999; font-size: 14pt;\">2014<\/span><\/td>\n<td><span style=\"color: #999999; font-size: 14pt;\">Ralf Wirtz<\/span><\/td>\n<td><span style=\"color: #999999; font-size: 14pt;\">Brigitte Tepe<\/span><\/td>\n<\/tr>\n<tr style=\"border-color: #ffffff;\">\n<td><span style=\"color: #999999; font-size: 14pt;\">2013<\/span><\/td>\n<td><span style=\"color: #999999; font-size: 14pt;\">Marco Linnemann<\/span><\/td>\n<td><span style=\"color: #999999; font-size: 14pt;\">Monika Isenberg<\/span><\/td>\n<\/tr>\n<tr style=\"border-color: #ffffff;\">\n<td><span style=\"color: #999999; font-size: 14pt;\">2012<\/span><\/td>\n<td><span style=\"color: #999999; font-size: 14pt;\">Dirk Isenberg<\/span><\/td>\n<td><span style=\"color: #999999; font-size: 14pt;\">Kiera Conredel<\/span><\/td>\n<\/tr>\n<tr style=\"border-color: #ffffff;\">\n<td><span style=\"color: #999999; font-size: 14pt;\">2011<\/span><\/td>\n<td><span style=\"color: #999999; font-size: 14pt;\">Harald Trompetter<\/span><\/td>\n<td><span style=\"color: #999999; font-size: 14pt;\">Martina Trompetter<\/span><\/td>\n<\/tr>\n<tr style=\"border-color: #ffffff;\">\n<td><span style=\"color: #999999; font-size: 14pt;\">2010<\/span><\/td>\n<td><span style=\"color: #999999; font-size: 14pt;\">Jan M\u00fcller<\/span><\/td>\n<td><span style=\"color: #999999; font-size: 14pt;\">Johanna Offermann<\/span><\/td>\n<\/tr>\n<tr style=\"border-color: #ffffff;\">\n<td><span style=\"color: #999999; font-size: 14pt;\">2009<\/span><\/td>\n<td><span style=\"color: #999999; font-size: 14pt;\">Lothar Isenberg<\/span><\/td>\n<td><span style=\"color: #999999; font-size: 14pt;\">Silvia G\u00f6rke<\/span><\/td>\n<\/tr>\n<tr style=\"border-color: #ffffff;\">\n<td><span style=\"color: #999999; font-size: 14pt;\">2008<\/span><\/td>\n<td><span style=\"color: #999999; font-size: 14pt;\">Detlev G\u00f6rke<\/span><\/td>\n<td><span style=\"color: #999999; font-size: 14pt;\">Monika Slupikowski<\/span><\/td>\n<\/tr>\n<tr style=\"border-color: #ffffff;\">\n<td><span style=\"color: #999999; font-size: 14pt;\">2007<\/span><\/td>\n<td><span style=\"color: #999999; font-size: 14pt;\">Markus Beste<\/span><\/td>\n<td><span style=\"color: #999999; font-size: 14pt;\">Nicole Siebel<\/span><\/td>\n<\/tr>\n<tr style=\"border-color: #ffffff;\">\n<td><span style=\"color: #999999; font-size: 14pt;\">2006<\/span><\/td>\n<td><span style=\"color: #999999; font-size: 14pt;\">Martin Slupikowski<\/span><\/td>\n<td><span style=\"color: #999999; font-size: 14pt;\">Ulrike Woitzik<\/span><\/td>\n<\/tr>\n<tr style=\"border-color: #ffffff;\">\n<td><span style=\"color: #999999; font-size: 14pt;\">2005<\/span><\/td>\n<td><span style=\"color: #999999; font-size: 14pt;\">Willi Sengotta<\/span><\/td>\n<td><span style=\"color: #999999; font-size: 14pt;\">Jeannette Stindt<\/span><\/td>\n<\/tr>\n<tr style=\"border-color: #ffffff;\">\n<td><span style=\"color: #999999; font-size: 14pt;\">2004<\/span><\/td>\n<td><span style=\"color: #999999; font-size: 14pt;\">Werner T\u00fcmena<\/span><\/td>\n<td><span style=\"color: #999999; font-size: 14pt;\">Anja T\u00fcmena<\/span><\/td>\n<\/tr>\n<tr style=\"border-color: #ffffff;\">\n<td><span style=\"color: #999999; font-size: 14pt;\">2003<\/span><\/td>\n<td><span style=\"color: #999999; font-size: 14pt;\">Klaus-J\u00fcrgen Krone<\/span><\/td>\n<td><span style=\"color: #999999; font-size: 14pt;\">Gabi T\u00fcmena<\/span><\/td>\n<\/tr>\n<tr style=\"border-color: #ffffff;\">\n<td><span style=\"color: #999999; font-size: 14pt;\">2002<\/span><\/td>\n<td><span style=\"color: #999999; font-size: 14pt;\">Pete Hughes<\/span><\/td>\n<td><span style=\"color: #999999; font-size: 14pt;\">Jaqueline Herr<\/span><\/td>\n<\/tr>\n<tr style=\"border-color: #ffffff;\">\n<td><span style=\"color: #999999; font-size: 14pt;\">2001<\/span><\/td>\n<td><span style=\"color: #999999; font-size: 14pt;\">Heiko Schulte-Riemke<\/span><\/td>\n<td><span style=\"color: #999999; font-size: 14pt;\">Silvana Schulte-Riemke<\/span><\/td>\n<\/tr>\n<tr style=\"border-color: #ffffff;\">\n<td><span style=\"color: #999999; font-size: 14pt;\">2000<\/span><\/td>\n<td><span style=\"color: #999999; font-size: 14pt;\">Klaus Lendemanns<\/span><\/td>\n<td><span style=\"color: #999999; font-size: 14pt;\">Karin Borchmann<\/span><\/td>\n<\/tr>\n<tr style=\"border-color: #ffffff;\">\n<td><span style=\"color: #999999; font-size: 14pt;\">1999<\/span><\/td>\n<td><span style=\"color: #999999; font-size: 14pt;\">Manfred Karl<\/span><\/td>\n<td><span style=\"color: #999999; font-size: 14pt;\">Petra Wienand<\/span><\/td>\n<\/tr>\n<tr style=\"border-color: #ffffff;\">\n<td><span style=\"color: #999999; font-size: 14pt;\">1998<\/span><\/td>\n<td><span style=\"color: #999999; font-size: 14pt;\">Markus Wegmann<\/span><\/td>\n<td><span style=\"color: #999999; font-size: 14pt;\">Sandra G\u00fcnnewig<\/span><\/td>\n<\/tr>\n<tr style=\"border-color: #ffffff;\">\n<td><span style=\"color: #999999; font-size: 14pt;\">1997<\/span><\/td>\n<td><span style=\"color: #999999; font-size: 14pt;\">Andreas K\u00f6lling<\/span><\/td>\n<td><span style=\"color: #999999; font-size: 14pt;\">Karina Wegmann<\/span><\/td>\n<\/tr>\n<tr style=\"border-color: #ffffff;\">\n<td><span style=\"color: #999999; font-size: 14pt;\">1996<\/span><\/td>\n<td><span style=\"color: #999999; font-size: 14pt;\">Ernst Althaus<\/span><\/td>\n<td><span style=\"color: #999999; font-size: 14pt;\">Inge Spieckermann<\/span><\/td>\n<\/tr>\n<tr style=\"border-color: #ffffff;\">\n<td><span style=\"color: #999999; font-size: 14pt;\">1995<\/span><\/td>\n<td><span style=\"color: #999999; font-size: 14pt;\">Karl-Heinz Fuchs<\/span><\/td>\n<td><span style=\"color: #999999; font-size: 14pt;\">Rosemarie Bloemers<\/span><\/td>\n<\/tr>\n<tr style=\"border-color: #ffffff;\">\n<td><span style=\"color: #999999; font-size: 14pt;\">1994<\/span><\/td>\n<td><span style=\"color: #999999; font-size: 14pt;\">Theo Menge<\/span><\/td>\n<td><span style=\"color: #999999; font-size: 14pt;\">Ingeborg Grebner<\/span><\/td>\n<\/tr>\n<tr style=\"border-color: #ffffff;\">\n<td><span style=\"color: #999999; font-size: 14pt;\">1993<\/span><\/td>\n<td><span style=\"color: #999999; font-size: 14pt;\">Rudolf Werning<\/span><\/td>\n<td><span style=\"color: #999999; font-size: 14pt;\">Irmgard Teves<\/span><\/td>\n<\/tr>\n<tr style=\"border-color: #ffffff;\">\n<td><span style=\"color: #999999; font-size: 14pt;\">1992<\/span><\/td>\n<td><span style=\"color: #999999; font-size: 14pt;\">G\u00fcnter Herbst<\/span><\/td>\n<td><span style=\"color: #999999; font-size: 14pt;\">Christel Sa\u00df<\/span><\/td>\n<\/tr>\n<tr style=\"border-color: #ffffff;\">\n<td><span style=\"color: #999999; font-size: 14pt;\">1991<\/span><\/td>\n<td><span style=\"color: #999999; font-size: 14pt;\">Lothar Spieckermann<\/span><\/td>\n<td><span style=\"color: #999999; font-size: 14pt;\">Regina Neumann<\/span><\/td>\n<\/tr>\n<tr style=\"border-color: #ffffff;\">\n<td><span style=\"color: #999999; font-size: 14pt;\">1990<\/span><\/td>\n<td><span style=\"color: #999999; font-size: 14pt;\">Rainer Schimmelschulze<\/span><\/td>\n<td><span style=\"color: #999999; font-size: 14pt;\">Regina Schimmelschulze<\/span><\/td>\n<\/tr>\n<tr style=\"border-color: #ffffff;\">\n<td><span style=\"color: #999999; font-size: 14pt;\">1989<\/span><\/td>\n<td><span style=\"color: #999999; font-size: 14pt;\">Hubert Marklowsky<\/span><\/td>\n<td><span style=\"color: #999999; font-size: 14pt;\">Erika Stenner-Borghoff<\/span><\/td>\n<\/tr>\n<tr style=\"border-color: #ffffff;\">\n<td><span style=\"color: #999999; font-size: 14pt;\">1988<\/span><\/td>\n<td><span style=\"color: #999999; font-size: 14pt;\">Hans-Otto Althaus<\/span><\/td>\n<td><span style=\"color: #999999; font-size: 14pt;\">Heidi Kasparek<\/span><\/td>\n<\/tr>\n<tr style=\"border-color: #ffffff;\">\n<td><span style=\"color: #999999; font-size: 14pt;\">1987<\/span><\/td>\n<td><span style=\"color: #999999; font-size: 14pt;\">Heiner Jacobs<\/span><\/td>\n<td><span style=\"color: #999999; font-size: 14pt;\">Jutta Holthaus<\/span><\/td>\n<\/tr>\n<tr style=\"border-color: #ffffff;\">\n<td><span style=\"color: #999999; font-size: 14pt;\">1986<\/span><\/td>\n<td><span style=\"color: #999999; font-size: 14pt;\">Udo Rieske<\/span><\/td>\n<td><span style=\"color: #999999; font-size: 14pt;\">Marlene Asselmeyer<\/span><\/td>\n<\/tr>\n<tr style=\"border-color: #ffffff;\">\n<td><span style=\"color: #999999; font-size: 14pt;\">1985<\/span><\/td>\n<td><span style=\"color: #999999; font-size: 14pt;\">Siegfried He\u00df<\/span><\/td>\n<td><span style=\"color: #999999; font-size: 14pt;\">Renate Althaus<\/span><\/td>\n<\/tr>\n<tr style=\"border-color: #ffffff;\">\n<td><span style=\"color: #999999; font-size: 14pt;\">1984<\/span><\/td>\n<td><span style=\"color: #999999; font-size: 14pt;\">Hans-Peter Kasparek<\/span><\/td>\n<td><span style=\"color: #999999; font-size: 14pt;\">Gisela Althaus<\/span><\/td>\n<\/tr>\n<tr style=\"border-color: #ffffff;\">\n<td><span style=\"color: #999999; font-size: 14pt;\">1983<\/span><\/td>\n<td><span style=\"color: #999999; font-size: 14pt;\">Herrmann Teves<\/span><\/td>\n<td><span style=\"color: #999999; font-size: 14pt;\">Magdalene K\u00f6lling<\/span><\/td>\n<\/tr>\n<tr style=\"border-color: #ffffff;\">\n<td><span style=\"color: #999999; font-size: 14pt;\">1982<\/span><\/td>\n<td><span style=\"color: #999999; font-size: 14pt;\">Manfred Teves<\/span><\/td>\n<td><span style=\"color: #999999; font-size: 14pt;\">Walburga Jacobs<\/span><\/td>\n<\/tr>\n<tr style=\"border-color: #ffffff;\">\n<td><span style=\"color: #999999; font-size: 14pt;\">1981<\/span><\/td>\n<td><span style=\"color: #999999; font-size: 14pt;\">Siegfried B\u00e4cker<\/span><\/td>\n<td><span style=\"color: #999999; font-size: 14pt;\">Ute Marklowsky<\/span><\/td>\n<\/tr>\n<tr style=\"border-color: #ffffff;\">\n<td><span style=\"color: #999999; font-size: 14pt;\">1980<\/span><\/td>\n<td><span style=\"color: #999999; font-size: 14pt;\">Ingo Spieckermann<\/span><\/td>\n<td><span style=\"color: #999999; font-size: 14pt;\">Christine Kl\u00f6ting<\/span><\/td>\n<\/tr>\n<\/tbody>\n<\/table>\n<p><\/p>\n","protected":false},"excerpt":{"rendered":"<p>\u00a0\u00a0\u00a0\u00a0\u00a0\u00a0 Die G\u00e4nsek\u00f6nige der 1. Kompanie Jahr G\u00e4nsek\u00f6nig G\u00e4nsek\u00f6nigin 2025 Andreas &#8222;Jone&#8220; Jonescheit Jenny Bianga 2024 Marco Tepe Michelle Wegmann 2023 Max Ullrich Elisa Gutzeit (aus Halingen) 2022 \u00a0G\u00e4nsekaiser (50 Jahre 1. Kp.) \u00a0Andreas K\u00f6lling \u00a0G\u00e4nsekaiserin\u00a0 \u00a0Karina Wegmann 2019 Kevin Trompetter Lara Trompetter-Rose 2018 &#8222;Jupp&#8220; Philipp Borchmann Susanne Bu\u00dfmann 2017 Alfons Buchgeister Sabine Buhlh\u00f6fer 2016 [&hellip;]<\/p>\n","protected":false},"author":1,"featured_media":0,"parent":120,"menu_order":0,"comment_status":"closed","ping_status":"closed","template":"page-full-width.php","meta":{"footnotes":""},"class_list":["post-394","page","type-page","status-publish","hentry"],"_links":{"self":[{"href":"https:\/\/bsvdeilinghofen.de\/Neuigkeiten\/wp-json\/wp\/v2\/pages\/394","targetHints":{"allow":["GET"]}}],"collection":[{"href":"https:\/\/bsvdeilinghofen.de\/Neuigkeiten\/wp-json\/wp\/v2\/pages"}],"about":[{"href":"https:\/\/bsvdeilinghofen.de\/Neuigkeiten\/wp-json\/wp\/v2\/types\/page"}],"author":[{"embeddable":true,"href":"https:\/\/bsvdeilinghofen.de\/Neuigkeiten\/wp-json\/wp\/v2\/users\/1"}],"replies":[{"embeddable":true,"href":"https:\/\/bsvdeilinghofen.de\/Neuigkeiten\/wp-json\/wp\/v2\/comments?post=394"}],"version-history":[{"count":18,"href":"https:\/\/bsvdeilinghofen.de\/Neuigkeiten\/wp-json\/wp\/v2\/pages\/394\/revisions"}],"predecessor-version":[{"id":4250,"href":"https:\/\/bsvdeilinghofen.de\/Neuigkeiten\/wp-json\/wp\/v2\/pages\/394\/revisions\/4250"}],"up":[{"embeddable":true,"href":"https:\/\/bsvdeilinghofen.de\/Neuigkeiten\/wp-json\/wp\/v2\/pages\/120"}],"wp:attachment":[{"href":"https:\/\/bsvdeilinghofen.de\/Neuigkeiten\/wp-json\/wp\/v2\/media?parent=394"}],"curies":[{"name":"wp","href":"https:\/\/api.w.org\/{rel}","templated":true}]}}